{"id":15085,"date":"2018-12-13T16:33:41","date_gmt":"2018-12-13T15:33:41","guid":{"rendered":"http:\/\/www.mhm-muenster.de\/cms\/?page_id=15085"},"modified":"2025-12-16T18:46:43","modified_gmt":"2025-12-16T17:46:43","slug":"danke","status":"publish","type":"page","link":"http:\/\/www.mhm-muenster.de\/cms\/?page_id=15085","title":{"rendered":"DANKSAGUNGEN"},"content":{"rendered":"<h3>MV November 2025<\/h3>\n<p>Danke an all unsere flei\u00dfigen Helfer:<\/p>\n\n\t\t<style type=\"text\/css\">\n\t\t\t#gallery-1 {\n\t\t\t\tmargin: auto;\n\t\t\t}\n\t\t\t#gallery-1 .gallery-item {\n\t\t\t\tfloat: left;\n\t\t\t\tmargin-top: 10px;\n\t\t\t\ttext-align: center;\n\t\t\t\twidth: 25%;\n\t\t\t}\n\t\t\t#gallery-1 img {\n\t\t\t\tborder: 2px solid #cfcfcf;\n\t\t\t}\n\t\t\t#gallery-1 .gallery-caption {\n\t\t\t\tmargin-left: 0;\n\t\t\t}\n\t\t\t\/* see gallery_shortcode() in wp-includes\/media.php *\/\n\t\t<\/style>\n\t\t<div id='gallery-1' class='gallery galleryid-15085 gallery-columns-4 gallery-size-thumbnail'><dl class='gallery-item'>\n\t\t\t<dt class='gallery-icon landscape'>\n\t\t\t\t<a href='http:\/\/www.mhm-muenster.de\/cms\/?attachment_id=20091'><img width=\"150\" height=\"150\" src=\"http:\/\/www.mhm-muenster.de\/cms\/wp-content\/uploads\/2025\/12\/WhatsApp-Image-2025-11-29-at-08.06.12-1-150x150.jpeg\" class=\"attachment-thumbnail size-thumbnail\" alt=\"\" loading=\"lazy\" aria-describedby=\"gallery-1-20091\" \/><\/a>\n\t\t\t<\/dt>\n\t\t\t\t<dd class='wp-caption-text gallery-caption' id='gallery-1-20091'>\n\t\t\t\tJahn\n\t\t\t\t<\/dd><\/dl><dl class='gallery-item'>\n\t\t\t<dt class='gallery-icon landscape'>\n\t\t\t\t<a href='http:\/\/www.mhm-muenster.de\/cms\/?attachment_id=20092'><img width=\"150\" height=\"150\" src=\"http:\/\/www.mhm-muenster.de\/cms\/wp-content\/uploads\/2025\/12\/WhatsApp-Image-2025-11-29-at-08.06.12-150x150.jpeg\" class=\"attachment-thumbnail size-thumbnail\" alt=\"\" loading=\"lazy\" aria-describedby=\"gallery-1-20092\" \/><\/a>\n\t\t\t<\/dt>\n\t\t\t\t<dd class='wp-caption-text gallery-caption' id='gallery-1-20092'>\n\t\t\t\tCaro\n\t\t\t\t<\/dd><\/dl><dl class='gallery-item'>\n\t\t\t<dt class='gallery-icon landscape'>\n\t\t\t\t<a href='http:\/\/www.mhm-muenster.de\/cms\/?attachment_id=20093'><img width=\"150\" height=\"150\" src=\"http:\/\/www.mhm-muenster.de\/cms\/wp-content\/uploads\/2025\/12\/WhatsApp-Image-2025-11-29-at-08.06.09-150x150.jpeg\" class=\"attachment-thumbnail size-thumbnail\" alt=\"\" loading=\"lazy\" aria-describedby=\"gallery-1-20093\" \/><\/a>\n\t\t\t<\/dt>\n\t\t\t\t<dd class='wp-caption-text gallery-caption' id='gallery-1-20093'>\n\t\t\t\tNina\n\t\t\t\t<\/dd><\/dl><dl class='gallery-item'>\n\t\t\t<dt class='gallery-icon landscape'>\n\t\t\t\t<a href='http:\/\/www.mhm-muenster.de\/cms\/?attachment_id=20094'><img width=\"150\" height=\"150\" src=\"http:\/\/www.mhm-muenster.de\/cms\/wp-content\/uploads\/2025\/12\/WhatsApp-Image-2025-11-29-at-08.08.19-150x150.jpeg\" class=\"attachment-thumbnail size-thumbnail\" alt=\"\" loading=\"lazy\" aria-describedby=\"gallery-1-20094\" \/><\/a>\n\t\t\t<\/dt>\n\t\t\t\t<dd class='wp-caption-text gallery-caption' id='gallery-1-20094'>\n\t\t\t\tMicha\n\t\t\t\t<\/dd><\/dl><br style=\"clear: both\" \/>\n\t\t<\/div>\n\n<p>Verdienstnadel vom DVG f\u00fcr 5 Jahre besondere Verdienste f\u00fcr den Verein:<\/p>\n\n\t\t<style type=\"text\/css\">\n\t\t\t#gallery-2 {\n\t\t\t\tmargin: auto;\n\t\t\t}\n\t\t\t#gallery-2 .gallery-item {\n\t\t\t\tfloat: left;\n\t\t\t\tmargin-top: 10px;\n\t\t\t\ttext-align: center;\n\t\t\t\twidth: 25%;\n\t\t\t}\n\t\t\t#gallery-2 img {\n\t\t\t\tborder: 2px solid #cfcfcf;\n\t\t\t}\n\t\t\t#gallery-2 .gallery-caption {\n\t\t\t\tmargin-left: 0;\n\t\t\t}\n\t\t\t\/* see gallery_shortcode() in wp-includes\/media.php *\/\n\t\t<\/style>\n\t\t<div id='gallery-2' class='gallery galleryid-15085 gallery-columns-4 gallery-size-thumbnail'><dl class='gallery-item'>\n\t\t\t<dt class='gallery-icon landscape'>\n\t\t\t\t<a href='http:\/\/www.mhm-muenster.de\/cms\/?attachment_id=20095'><img width=\"150\" height=\"150\" src=\"http:\/\/www.mhm-muenster.de\/cms\/wp-content\/uploads\/2025\/12\/WhatsApp-Image-2025-11-29-at-08.08.18-2-150x150.jpeg\" class=\"attachment-thumbnail size-thumbnail\" alt=\"\" loading=\"lazy\" aria-describedby=\"gallery-2-20095\" \/><\/a>\n\t\t\t<\/dt>\n\t\t\t\t<dd class='wp-caption-text gallery-caption' id='gallery-2-20095'>\n\t\t\t\tTomke\n\t\t\t\t<\/dd><\/dl><dl class='gallery-item'>\n\t\t\t<dt class='gallery-icon landscape'>\n\t\t\t\t<a href='http:\/\/www.mhm-muenster.de\/cms\/?attachment_id=20096'><img width=\"150\" height=\"150\" src=\"http:\/\/www.mhm-muenster.de\/cms\/wp-content\/uploads\/2025\/12\/WhatsApp-Image-2025-11-29-at-08.08.18-1-150x150.jpeg\" class=\"attachment-thumbnail size-thumbnail\" alt=\"\" loading=\"lazy\" aria-describedby=\"gallery-2-20096\" \/><\/a>\n\t\t\t<\/dt>\n\t\t\t\t<dd class='wp-caption-text gallery-caption' id='gallery-2-20096'>\n\t\t\t\tRieke\n\t\t\t\t<\/dd><\/dl><dl class='gallery-item'>\n\t\t\t<dt class='gallery-icon landscape'>\n\t\t\t\t<a href='http:\/\/www.mhm-muenster.de\/cms\/?attachment_id=20097'><img width=\"150\" height=\"150\" src=\"http:\/\/www.mhm-muenster.de\/cms\/wp-content\/uploads\/2025\/12\/WhatsApp-Image-2025-11-29-at-08.08.18-150x150.jpeg\" class=\"attachment-thumbnail size-thumbnail\" alt=\"\" loading=\"lazy\" aria-describedby=\"gallery-2-20097\" \/><\/a>\n\t\t\t<\/dt>\n\t\t\t\t<dd class='wp-caption-text gallery-caption' id='gallery-2-20097'>\n\t\t\t\tKarin\n\t\t\t\t<\/dd><\/dl>\n\t\t\t<br style='clear: both' \/>\n\t\t<\/div>\n\n<hr \/>\n<h3>JHV M\u00e4rz 2025<\/h3>\n<p><strong>Ehrungen<\/strong><\/p>\n<p><img loading=\"lazy\" class=\"alignnone wp-image-19764 size-medium\" src=\"http:\/\/www.mhm-muenster.de\/cms\/wp-content\/uploads\/2025\/03\/WhatsApp-Image-2025-03-14-at-06.28.05-300x400.jpeg\" alt=\"\" width=\"300\" height=\"400\" srcset=\"http:\/\/www.mhm-muenster.de\/cms\/wp-content\/uploads\/2025\/03\/WhatsApp-Image-2025-03-14-at-06.28.05-300x400.jpeg 300w, http:\/\/www.mhm-muenster.de\/cms\/wp-content\/uploads\/2025\/03\/WhatsApp-Image-2025-03-14-at-06.28.05-768x1024.jpeg 768w, http:\/\/www.mhm-muenster.de\/cms\/wp-content\/uploads\/2025\/03\/WhatsApp-Image-2025-03-14-at-06.28.05-1152x1536.jpeg 1152w, http:\/\/www.mhm-muenster.de\/cms\/wp-content\/uploads\/2025\/03\/WhatsApp-Image-2025-03-14-at-06.28.05-1536x2048.jpeg 1536w, http:\/\/www.mhm-muenster.de\/cms\/wp-content\/uploads\/2025\/03\/WhatsApp-Image-2025-03-14-at-06.28.05-scaled.jpeg 1920w\" sizes=\"(max-width: 300px) 100vw, 300px\" \/><br \/>\n<strong>Anja Maibaum mit Bolle<\/strong>: Hundef\u00fchrerin des Jahres 2024 Kreisgruppe Hamm, Agility<\/p>\n<p><img loading=\"lazy\" class=\"alignnone wp-image-19766 size-medium\" src=\"http:\/\/www.mhm-muenster.de\/cms\/wp-content\/uploads\/2025\/03\/WhatsApp-Image-2025-03-14-at-06.28.05-1-300x400.jpeg\" alt=\"\" width=\"300\" height=\"400\" srcset=\"http:\/\/www.mhm-muenster.de\/cms\/wp-content\/uploads\/2025\/03\/WhatsApp-Image-2025-03-14-at-06.28.05-1-300x400.jpeg 300w, http:\/\/www.mhm-muenster.de\/cms\/wp-content\/uploads\/2025\/03\/WhatsApp-Image-2025-03-14-at-06.28.05-1-768x1024.jpeg 768w, http:\/\/www.mhm-muenster.de\/cms\/wp-content\/uploads\/2025\/03\/WhatsApp-Image-2025-03-14-at-06.28.05-1-1152x1536.jpeg 1152w, http:\/\/www.mhm-muenster.de\/cms\/wp-content\/uploads\/2025\/03\/WhatsApp-Image-2025-03-14-at-06.28.05-1-1536x2048.jpeg 1536w, http:\/\/www.mhm-muenster.de\/cms\/wp-content\/uploads\/2025\/03\/WhatsApp-Image-2025-03-14-at-06.28.05-1-scaled.jpeg 1920w\" sizes=\"(max-width: 300px) 100vw, 300px\" \/><br \/>\n<strong>Mila Kl\u00f6ckemann mit Marley:<\/strong> Hundef\u00fchrerin des Jahres KGHamm 2024, Jugend Agility<\/p>\n<p><img loading=\"lazy\" class=\"alignnone wp-image-19767 size-medium\" src=\"http:\/\/www.mhm-muenster.de\/cms\/wp-content\/uploads\/2025\/03\/WhatsApp-Image-2025-03-14-at-06.28.06-264x400.jpeg\" alt=\"\" width=\"264\" height=\"400\" srcset=\"http:\/\/www.mhm-muenster.de\/cms\/wp-content\/uploads\/2025\/03\/WhatsApp-Image-2025-03-14-at-06.28.06-264x400.jpeg 264w, http:\/\/www.mhm-muenster.de\/cms\/wp-content\/uploads\/2025\/03\/WhatsApp-Image-2025-03-14-at-06.28.06-677x1024.jpeg 677w, http:\/\/www.mhm-muenster.de\/cms\/wp-content\/uploads\/2025\/03\/WhatsApp-Image-2025-03-14-at-06.28.06-768x1162.jpeg 768w, http:\/\/www.mhm-muenster.de\/cms\/wp-content\/uploads\/2025\/03\/WhatsApp-Image-2025-03-14-at-06.28.06-1015x1536.jpeg 1015w, http:\/\/www.mhm-muenster.de\/cms\/wp-content\/uploads\/2025\/03\/WhatsApp-Image-2025-03-14-at-06.28.06-1353x2048.jpeg 1353w, http:\/\/www.mhm-muenster.de\/cms\/wp-content\/uploads\/2025\/03\/WhatsApp-Image-2025-03-14-at-06.28.06-scaled.jpeg 1692w\" sizes=\"(max-width: 264px) 100vw, 264px\" \/><br \/>\n<strong>Gro\u00dfer Pokal<\/strong>: Verein des Jahres 2024 und Wanderpokal\u00fcbergabe (nach 3x) Agility MHM e. V.<\/p>\n<p><strong><img loading=\"lazy\" class=\"alignnone size-medium wp-image-19768\" src=\"http:\/\/www.mhm-muenster.de\/cms\/wp-content\/uploads\/2025\/03\/WhatsApp-Image-2025-03-14-at-06.28.06-1-300x400.jpeg\" alt=\"\" width=\"300\" height=\"400\" srcset=\"http:\/\/www.mhm-muenster.de\/cms\/wp-content\/uploads\/2025\/03\/WhatsApp-Image-2025-03-14-at-06.28.06-1-300x400.jpeg 300w, http:\/\/www.mhm-muenster.de\/cms\/wp-content\/uploads\/2025\/03\/WhatsApp-Image-2025-03-14-at-06.28.06-1-768x1024.jpeg 768w, http:\/\/www.mhm-muenster.de\/cms\/wp-content\/uploads\/2025\/03\/WhatsApp-Image-2025-03-14-at-06.28.06-1-1152x1536.jpeg 1152w, http:\/\/www.mhm-muenster.de\/cms\/wp-content\/uploads\/2025\/03\/WhatsApp-Image-2025-03-14-at-06.28.06-1-1536x2048.jpeg 1536w, http:\/\/www.mhm-muenster.de\/cms\/wp-content\/uploads\/2025\/03\/WhatsApp-Image-2025-03-14-at-06.28.06-1-scaled.jpeg 1920w\" sizes=\"(max-width: 300px) 100vw, 300px\" \/><br \/>\nAnna Gro\u00dfe Onnebrink<\/strong>: Hundef\u00fchrerin des Jahres, Jugend<\/p>\n<p><img loading=\"lazy\" class=\"alignnone size-medium wp-image-19769\" src=\"http:\/\/www.mhm-muenster.de\/cms\/wp-content\/uploads\/2025\/03\/WhatsApp-Image-2025-03-14-at-06.28.06-2-300x400.jpeg\" alt=\"\" width=\"300\" height=\"400\" srcset=\"http:\/\/www.mhm-muenster.de\/cms\/wp-content\/uploads\/2025\/03\/WhatsApp-Image-2025-03-14-at-06.28.06-2-300x400.jpeg 300w, http:\/\/www.mhm-muenster.de\/cms\/wp-content\/uploads\/2025\/03\/WhatsApp-Image-2025-03-14-at-06.28.06-2-768x1024.jpeg 768w, http:\/\/www.mhm-muenster.de\/cms\/wp-content\/uploads\/2025\/03\/WhatsApp-Image-2025-03-14-at-06.28.06-2-1152x1536.jpeg 1152w, http:\/\/www.mhm-muenster.de\/cms\/wp-content\/uploads\/2025\/03\/WhatsApp-Image-2025-03-14-at-06.28.06-2-1536x2048.jpeg 1536w, http:\/\/www.mhm-muenster.de\/cms\/wp-content\/uploads\/2025\/03\/WhatsApp-Image-2025-03-14-at-06.28.06-2-scaled.jpeg 1920w\" sizes=\"(max-width: 300px) 100vw, 300px\" \/><br \/>\n<strong>Verein des Jahres 2024<\/strong>: Rally Obedience MHM e. V.<br \/>\nTrainer: Klara, Tomke, Anna, Lea<\/p>\n<p><strong><img loading=\"lazy\" class=\"alignnone size-medium wp-image-19770\" src=\"http:\/\/www.mhm-muenster.de\/cms\/wp-content\/uploads\/2025\/03\/WhatsApp-Image-2025-03-14-at-06.28.06-3-300x400.jpeg\" alt=\"\" width=\"300\" height=\"400\" srcset=\"http:\/\/www.mhm-muenster.de\/cms\/wp-content\/uploads\/2025\/03\/WhatsApp-Image-2025-03-14-at-06.28.06-3-300x400.jpeg 300w, http:\/\/www.mhm-muenster.de\/cms\/wp-content\/uploads\/2025\/03\/WhatsApp-Image-2025-03-14-at-06.28.06-3-768x1024.jpeg 768w, http:\/\/www.mhm-muenster.de\/cms\/wp-content\/uploads\/2025\/03\/WhatsApp-Image-2025-03-14-at-06.28.06-3-1152x1536.jpeg 1152w, http:\/\/www.mhm-muenster.de\/cms\/wp-content\/uploads\/2025\/03\/WhatsApp-Image-2025-03-14-at-06.28.06-3-1536x2048.jpeg 1536w, http:\/\/www.mhm-muenster.de\/cms\/wp-content\/uploads\/2025\/03\/WhatsApp-Image-2025-03-14-at-06.28.06-3-scaled.jpeg 1920w\" sizes=\"(max-width: 300px) 100vw, 300px\" \/><br \/>\nAnna G. O.<\/strong>: Hundef\u00fchrerin des Jahres Jugend, THS -Gel\u00e4ndelauf<\/p>\n<p><strong><img loading=\"lazy\" class=\"alignnone size-medium wp-image-19771\" src=\"http:\/\/www.mhm-muenster.de\/cms\/wp-content\/uploads\/2025\/03\/WhatsApp-Image-2025-03-14-at-06.28.06-4-300x400.jpeg\" alt=\"\" width=\"300\" height=\"400\" srcset=\"http:\/\/www.mhm-muenster.de\/cms\/wp-content\/uploads\/2025\/03\/WhatsApp-Image-2025-03-14-at-06.28.06-4-300x400.jpeg 300w, http:\/\/www.mhm-muenster.de\/cms\/wp-content\/uploads\/2025\/03\/WhatsApp-Image-2025-03-14-at-06.28.06-4-768x1024.jpeg 768w, http:\/\/www.mhm-muenster.de\/cms\/wp-content\/uploads\/2025\/03\/WhatsApp-Image-2025-03-14-at-06.28.06-4-1152x1536.jpeg 1152w, http:\/\/www.mhm-muenster.de\/cms\/wp-content\/uploads\/2025\/03\/WhatsApp-Image-2025-03-14-at-06.28.06-4-1536x2048.jpeg 1536w, http:\/\/www.mhm-muenster.de\/cms\/wp-content\/uploads\/2025\/03\/WhatsApp-Image-2025-03-14-at-06.28.06-4-scaled.jpeg 1920w\" sizes=\"(max-width: 300px) 100vw, 300px\" \/><br \/>\nVerein des Jahres 2024<\/strong>: Hoopers MHM e.V.<\/p>\n<p><img loading=\"lazy\" class=\"alignnone size-medium wp-image-19772\" src=\"http:\/\/www.mhm-muenster.de\/cms\/wp-content\/uploads\/2025\/03\/WhatsApp-Image-2025-03-14-at-06.28.07-300x400.jpeg\" alt=\"\" width=\"300\" height=\"400\" srcset=\"http:\/\/www.mhm-muenster.de\/cms\/wp-content\/uploads\/2025\/03\/WhatsApp-Image-2025-03-14-at-06.28.07-300x400.jpeg 300w, http:\/\/www.mhm-muenster.de\/cms\/wp-content\/uploads\/2025\/03\/WhatsApp-Image-2025-03-14-at-06.28.07-768x1024.jpeg 768w, http:\/\/www.mhm-muenster.de\/cms\/wp-content\/uploads\/2025\/03\/WhatsApp-Image-2025-03-14-at-06.28.07-1152x1536.jpeg 1152w, http:\/\/www.mhm-muenster.de\/cms\/wp-content\/uploads\/2025\/03\/WhatsApp-Image-2025-03-14-at-06.28.07-1536x2048.jpeg 1536w, http:\/\/www.mhm-muenster.de\/cms\/wp-content\/uploads\/2025\/03\/WhatsApp-Image-2025-03-14-at-06.28.07-scaled.jpeg 1920w\" sizes=\"(max-width: 300px) 100vw, 300px\" \/><br \/>\n<strong>Birgit Kranz<\/strong>: 10 Jahre Mitgliedschaft DVG<\/p>\n<p><img loading=\"lazy\" class=\"alignnone size-medium wp-image-19773\" src=\"http:\/\/www.mhm-muenster.de\/cms\/wp-content\/uploads\/2025\/03\/WhatsApp-Image-2025-03-14-at-06.28.07-1-300x400.jpeg\" alt=\"\" width=\"300\" height=\"400\" srcset=\"http:\/\/www.mhm-muenster.de\/cms\/wp-content\/uploads\/2025\/03\/WhatsApp-Image-2025-03-14-at-06.28.07-1-300x400.jpeg 300w, http:\/\/www.mhm-muenster.de\/cms\/wp-content\/uploads\/2025\/03\/WhatsApp-Image-2025-03-14-at-06.28.07-1-768x1024.jpeg 768w, http:\/\/www.mhm-muenster.de\/cms\/wp-content\/uploads\/2025\/03\/WhatsApp-Image-2025-03-14-at-06.28.07-1-1152x1536.jpeg 1152w, http:\/\/www.mhm-muenster.de\/cms\/wp-content\/uploads\/2025\/03\/WhatsApp-Image-2025-03-14-at-06.28.07-1-1536x2048.jpeg 1536w, http:\/\/www.mhm-muenster.de\/cms\/wp-content\/uploads\/2025\/03\/WhatsApp-Image-2025-03-14-at-06.28.07-1-scaled.jpeg 1920w\" sizes=\"(max-width: 300px) 100vw, 300px\" \/><br \/>\n<strong>Lea Sperlich<\/strong>: Trainerschein Basis und Rally O<\/p>\n<p><strong><img loading=\"lazy\" class=\"alignnone size-medium wp-image-19774\" src=\"http:\/\/www.mhm-muenster.de\/cms\/wp-content\/uploads\/2025\/03\/WhatsApp-Image-2025-03-14-at-06.28.07-2-300x400.jpeg\" alt=\"\" width=\"300\" height=\"400\" srcset=\"http:\/\/www.mhm-muenster.de\/cms\/wp-content\/uploads\/2025\/03\/WhatsApp-Image-2025-03-14-at-06.28.07-2-300x400.jpeg 300w, http:\/\/www.mhm-muenster.de\/cms\/wp-content\/uploads\/2025\/03\/WhatsApp-Image-2025-03-14-at-06.28.07-2-768x1024.jpeg 768w, http:\/\/www.mhm-muenster.de\/cms\/wp-content\/uploads\/2025\/03\/WhatsApp-Image-2025-03-14-at-06.28.07-2-1152x1536.jpeg 1152w, http:\/\/www.mhm-muenster.de\/cms\/wp-content\/uploads\/2025\/03\/WhatsApp-Image-2025-03-14-at-06.28.07-2-1536x2048.jpeg 1536w, http:\/\/www.mhm-muenster.de\/cms\/wp-content\/uploads\/2025\/03\/WhatsApp-Image-2025-03-14-at-06.28.07-2-scaled.jpeg 1920w\" sizes=\"(max-width: 300px) 100vw, 300px\" \/><br \/>\nConny Wilberg<\/strong>: Trainerschein Basis und Hoopers<\/p>\n<p><strong>Danksagungen<\/strong><\/p>\n<p><img loading=\"lazy\" class=\"alignnone size-medium wp-image-19777\" src=\"http:\/\/www.mhm-muenster.de\/cms\/wp-content\/uploads\/2025\/03\/WhatsApp-Image-2025-03-14-at-06.28.07-3-400x300.jpeg\" alt=\"\" width=\"400\" height=\"300\" srcset=\"http:\/\/www.mhm-muenster.de\/cms\/wp-content\/uploads\/2025\/03\/WhatsApp-Image-2025-03-14-at-06.28.07-3-400x300.jpeg 400w, http:\/\/www.mhm-muenster.de\/cms\/wp-content\/uploads\/2025\/03\/WhatsApp-Image-2025-03-14-at-06.28.07-3-1024x768.jpeg 1024w, http:\/\/www.mhm-muenster.de\/cms\/wp-content\/uploads\/2025\/03\/WhatsApp-Image-2025-03-14-at-06.28.07-3-768x576.jpeg 768w, http:\/\/www.mhm-muenster.de\/cms\/wp-content\/uploads\/2025\/03\/WhatsApp-Image-2025-03-14-at-06.28.07-3-1536x1152.jpeg 1536w, http:\/\/www.mhm-muenster.de\/cms\/wp-content\/uploads\/2025\/03\/WhatsApp-Image-2025-03-14-at-06.28.07-3-2048x1536.jpeg 2048w\" sizes=\"(max-width: 400px) 100vw, 400px\" \/><br \/>\nDanke an die Trainer.<\/p>\n<p><img loading=\"lazy\" class=\"alignnone size-medium wp-image-19776\" src=\"http:\/\/www.mhm-muenster.de\/cms\/wp-content\/uploads\/2025\/03\/WhatsApp-Image-2025-03-14-at-06.28.07-4-400x300.jpeg\" alt=\"\" width=\"400\" height=\"300\" srcset=\"http:\/\/www.mhm-muenster.de\/cms\/wp-content\/uploads\/2025\/03\/WhatsApp-Image-2025-03-14-at-06.28.07-4-400x300.jpeg 400w, http:\/\/www.mhm-muenster.de\/cms\/wp-content\/uploads\/2025\/03\/WhatsApp-Image-2025-03-14-at-06.28.07-4-1024x768.jpeg 1024w, http:\/\/www.mhm-muenster.de\/cms\/wp-content\/uploads\/2025\/03\/WhatsApp-Image-2025-03-14-at-06.28.07-4-768x576.jpeg 768w, http:\/\/www.mhm-muenster.de\/cms\/wp-content\/uploads\/2025\/03\/WhatsApp-Image-2025-03-14-at-06.28.07-4-1536x1152.jpeg 1536w, http:\/\/www.mhm-muenster.de\/cms\/wp-content\/uploads\/2025\/03\/WhatsApp-Image-2025-03-14-at-06.28.07-4-2048x1536.jpeg 2048w\" sizes=\"(max-width: 400px) 100vw, 400px\" \/><br \/>\nDanke an die Welpenhelfer.<\/p>\n<hr \/>\n<h3><span style=\"color: inherit; font-size: 1.56em;\">JHV November 2024<\/span><\/h3>\n<p>Bei einigen Mitgliedern haben wir uns auf der JHV f\u00fcr ihren besonderen Einsatz bedankt:<\/p>\n<p><img loading=\"lazy\" class=\"alignnone size-medium wp-image-19661\" src=\"http:\/\/www.mhm-muenster.de\/cms\/wp-content\/uploads\/2024\/12\/WhatsApp-Image-2024-12-27-at-11.28.18-300x400.jpeg\" alt=\"\" width=\"300\" height=\"400\" srcset=\"http:\/\/www.mhm-muenster.de\/cms\/wp-content\/uploads\/2024\/12\/WhatsApp-Image-2024-12-27-at-11.28.18-300x400.jpeg 300w, http:\/\/www.mhm-muenster.de\/cms\/wp-content\/uploads\/2024\/12\/WhatsApp-Image-2024-12-27-at-11.28.18-768x1024.jpeg 768w, http:\/\/www.mhm-muenster.de\/cms\/wp-content\/uploads\/2024\/12\/WhatsApp-Image-2024-12-27-at-11.28.18-1152x1536.jpeg 1152w, http:\/\/www.mhm-muenster.de\/cms\/wp-content\/uploads\/2024\/12\/WhatsApp-Image-2024-12-27-at-11.28.18.jpeg 1200w\" sizes=\"(max-width: 300px) 100vw, 300px\" \/><\/p>\n<h3><span style=\"color: inherit; font-size: 1.56em;\">JHV M\u00e4rz 2024<\/span><\/h3>\n<p>Bei einigen Mitgliedern haben wir uns auf der JHV f\u00fcr ihren besonderen Einsatz bedankt:<\/p>\n\n\t\t<style type=\"text\/css\">\n\t\t\t#gallery-3 {\n\t\t\t\tmargin: auto;\n\t\t\t}\n\t\t\t#gallery-3 .gallery-item {\n\t\t\t\tfloat: left;\n\t\t\t\tmargin-top: 10px;\n\t\t\t\ttext-align: center;\n\t\t\t\twidth: 100%;\n\t\t\t}\n\t\t\t#gallery-3 img {\n\t\t\t\tborder: 2px solid #cfcfcf;\n\t\t\t}\n\t\t\t#gallery-3 .gallery-caption {\n\t\t\t\tmargin-left: 0;\n\t\t\t}\n\t\t\t\/* see gallery_shortcode() in wp-includes\/media.php *\/\n\t\t<\/style>\n\t\t<div id='gallery-3' class='gallery galleryid-15085 gallery-columns-1 gallery-size-medium'><dl class='gallery-item'>\n\t\t\t<dt class='gallery-icon landscape'>\n\t\t\t\t<a href='http:\/\/www.mhm-muenster.de\/cms\/?attachment_id=19040'><img width=\"400\" height=\"300\" src=\"http:\/\/www.mhm-muenster.de\/cms\/wp-content\/uploads\/2024\/03\/danke-an-die-welpentrainer-400x300.jpg\" class=\"attachment-medium size-medium\" alt=\"\" loading=\"lazy\" aria-describedby=\"gallery-3-19040\" srcset=\"http:\/\/www.mhm-muenster.de\/cms\/wp-content\/uploads\/2024\/03\/danke-an-die-welpentrainer-400x300.jpg 400w, http:\/\/www.mhm-muenster.de\/cms\/wp-content\/uploads\/2024\/03\/danke-an-die-welpentrainer-1024x768.jpg 1024w, http:\/\/www.mhm-muenster.de\/cms\/wp-content\/uploads\/2024\/03\/danke-an-die-welpentrainer-768x576.jpg 768w, http:\/\/www.mhm-muenster.de\/cms\/wp-content\/uploads\/2024\/03\/danke-an-die-welpentrainer-1536x1152.jpg 1536w, http:\/\/www.mhm-muenster.de\/cms\/wp-content\/uploads\/2024\/03\/danke-an-die-welpentrainer-e1709907935803.jpg 1000w\" sizes=\"(max-width: 400px) 100vw, 400px\" \/><\/a>\n\t\t\t<\/dt>\n\t\t\t\t<dd class='wp-caption-text gallery-caption' id='gallery-3-19040'>\n\t\t\t\tDanke an die Welpenhelfer, die immer samstags daf\u00fcr sorgen, dass die n\u00e4chsten Hundegenerationen gut betreut werden\n\t\t\t\t<\/dd><\/dl><br style=\"clear: both\" \/><dl class='gallery-item'>\n\t\t\t<dt class='gallery-icon landscape'>\n\t\t\t\t<a href='http:\/\/www.mhm-muenster.de\/cms\/?attachment_id=19042'><img width=\"400\" height=\"300\" src=\"http:\/\/www.mhm-muenster.de\/cms\/wp-content\/uploads\/2024\/03\/danke-an-die-trainer-400x300.jpg\" class=\"attachment-medium size-medium\" alt=\"\" loading=\"lazy\" aria-describedby=\"gallery-3-19042\" srcset=\"http:\/\/www.mhm-muenster.de\/cms\/wp-content\/uploads\/2024\/03\/danke-an-die-trainer-400x300.jpg 400w, http:\/\/www.mhm-muenster.de\/cms\/wp-content\/uploads\/2024\/03\/danke-an-die-trainer-1024x768.jpg 1024w, http:\/\/www.mhm-muenster.de\/cms\/wp-content\/uploads\/2024\/03\/danke-an-die-trainer-768x576.jpg 768w, http:\/\/www.mhm-muenster.de\/cms\/wp-content\/uploads\/2024\/03\/danke-an-die-trainer-1536x1152.jpg 1536w, http:\/\/www.mhm-muenster.de\/cms\/wp-content\/uploads\/2024\/03\/danke-an-die-trainer-e1709907949966.jpg 1000w\" sizes=\"(max-width: 400px) 100vw, 400px\" \/><\/a>\n\t\t\t<\/dt>\n\t\t\t\t<dd class='wp-caption-text gallery-caption' id='gallery-3-19042'>\n\t\t\t\tDanke an die Trainer, die mit viel Zeitaufwand, Engagement und Sachkunde unsere sportliche Weiterentwicklung betreiben\n\t\t\t\t<\/dd><\/dl><br style=\"clear: both\" \/>\n\t\t<\/div>\n\n<p>Danke f\u00fcr besonderes Vereinsengagement:<\/p>\n\n\t\t<style type=\"text\/css\">\n\t\t\t#gallery-4 {\n\t\t\t\tmargin: auto;\n\t\t\t}\n\t\t\t#gallery-4 .gallery-item {\n\t\t\t\tfloat: left;\n\t\t\t\tmargin-top: 10px;\n\t\t\t\ttext-align: center;\n\t\t\t\twidth: 25%;\n\t\t\t}\n\t\t\t#gallery-4 img {\n\t\t\t\tborder: 2px solid #cfcfcf;\n\t\t\t}\n\t\t\t#gallery-4 .gallery-caption {\n\t\t\t\tmargin-left: 0;\n\t\t\t}\n\t\t\t\/* see gallery_shortcode() in wp-includes\/media.php *\/\n\t\t<\/style>\n\t\t<div id='gallery-4' class='gallery galleryid-15085 gallery-columns-4 gallery-size-thumbnail'><dl class='gallery-item'>\n\t\t\t<dt class='gallery-icon portrait'>\n\t\t\t\t<a href='http:\/\/www.mhm-muenster.de\/cms\/?attachment_id=19057'><img width=\"150\" height=\"150\" src=\"http:\/\/www.mhm-muenster.de\/cms\/wp-content\/uploads\/2024\/03\/danke-nina-e1709908111263-150x150.jpg\" class=\"attachment-thumbnail size-thumbnail\" alt=\"\" loading=\"lazy\" aria-describedby=\"gallery-4-19057\" \/><\/a>\n\t\t\t<\/dt>\n\t\t\t\t<dd class='wp-caption-text gallery-caption' id='gallery-4-19057'>\n\t\t\t\tNina\n\t\t\t\t<\/dd><\/dl><dl class='gallery-item'>\n\t\t\t<dt class='gallery-icon portrait'>\n\t\t\t\t<a href='http:\/\/www.mhm-muenster.de\/cms\/?attachment_id=19056'><img width=\"150\" height=\"150\" src=\"http:\/\/www.mhm-muenster.de\/cms\/wp-content\/uploads\/2024\/03\/danke-jahn-e1709908097220-150x150.jpg\" class=\"attachment-thumbnail size-thumbnail\" alt=\"\" loading=\"lazy\" aria-describedby=\"gallery-4-19056\" \/><\/a>\n\t\t\t<\/dt>\n\t\t\t\t<dd class='wp-caption-text gallery-caption' id='gallery-4-19056'>\n\t\t\t\tJahn\n\t\t\t\t<\/dd><\/dl><dl class='gallery-item'>\n\t\t\t<dt class='gallery-icon portrait'>\n\t\t\t\t<a href='http:\/\/www.mhm-muenster.de\/cms\/?attachment_id=19058'><img width=\"150\" height=\"150\" src=\"http:\/\/www.mhm-muenster.de\/cms\/wp-content\/uploads\/2024\/03\/danke-caro-150x150.jpg\" class=\"attachment-thumbnail size-thumbnail\" alt=\"\" loading=\"lazy\" aria-describedby=\"gallery-4-19058\" \/><\/a>\n\t\t\t<\/dt>\n\t\t\t\t<dd class='wp-caption-text gallery-caption' id='gallery-4-19058'>\n\t\t\t\tCaro\n\t\t\t\t<\/dd><\/dl><dl class='gallery-item'>\n\t\t\t<dt class='gallery-icon portrait'>\n\t\t\t\t<a href='http:\/\/www.mhm-muenster.de\/cms\/?attachment_id=19059'><img width=\"150\" height=\"150\" src=\"http:\/\/www.mhm-muenster.de\/cms\/wp-content\/uploads\/2024\/03\/danke-150x150.jpg\" class=\"attachment-thumbnail size-thumbnail\" alt=\"\" loading=\"lazy\" aria-describedby=\"gallery-4-19059\" \/><\/a>\n\t\t\t<\/dt>\n\t\t\t\t<dd class='wp-caption-text gallery-caption' id='gallery-4-19059'>\n\t\t\t\tRuth\n\t\t\t\t<\/dd><\/dl><br style=\"clear: both\" \/>\n\t\t<\/div>\n\n<p>Und ganz herzlichen Dank unserem alten Vorstand:<\/p>\n<p><a href=\"http:\/\/www.mhm-muenster.de\/cms\/wp-content\/uploads\/2024\/03\/alter-vorstand-e1709917894132.jpg\" rel=\"lightbox[15085]\"><img loading=\"lazy\" class=\"alignnone size-medium wp-image-19073\" src=\"http:\/\/www.mhm-muenster.de\/cms\/wp-content\/uploads\/2024\/03\/alter-vorstand-400x300.jpg\" alt=\"\" width=\"400\" height=\"300\" \/><\/a><\/p>\n<p>Zwei neue Nachwuchstrainer haben ihren SKN erreicht:<\/p>\n<div id=\"attachment_19041\" style=\"width: 344px\" class=\"wp-caption alignnone\"><a href=\"http:\/\/www.mhm-muenster.de\/cms\/wp-content\/uploads\/2024\/03\/SKN-erreicht-e1709908084440.jpg\" rel=\"lightbox[15085]\"><img aria-describedby=\"caption-attachment-19041\" loading=\"lazy\" class=\"size-medium wp-image-19041\" src=\"http:\/\/www.mhm-muenster.de\/cms\/wp-content\/uploads\/2024\/03\/SKN-erreicht-e1709908084440-334x400.jpg\" alt=\"\" width=\"334\" height=\"400\" srcset=\"http:\/\/www.mhm-muenster.de\/cms\/wp-content\/uploads\/2024\/03\/SKN-erreicht-e1709908084440-334x400.jpg 334w, http:\/\/www.mhm-muenster.de\/cms\/wp-content\/uploads\/2024\/03\/SKN-erreicht-e1709908084440.jpg 750w\" sizes=\"(max-width: 334px) 100vw, 334px\" \/><\/a><p id=\"caption-attachment-19041\" class=\"wp-caption-text\">Luzie Zimmering und Claudia Tutino<\/p><\/div>\n<h3>MV November 2023<\/h3>\n\n\t\t<style type=\"text\/css\">\n\t\t\t#gallery-5 {\n\t\t\t\tmargin: auto;\n\t\t\t}\n\t\t\t#gallery-5 .gallery-item {\n\t\t\t\tfloat: left;\n\t\t\t\tmargin-top: 10px;\n\t\t\t\ttext-align: center;\n\t\t\t\twidth: 33%;\n\t\t\t}\n\t\t\t#gallery-5 img {\n\t\t\t\tborder: 2px solid #cfcfcf;\n\t\t\t}\n\t\t\t#gallery-5 .gallery-caption {\n\t\t\t\tmargin-left: 0;\n\t\t\t}\n\t\t\t\/* see gallery_shortcode() in wp-includes\/media.php *\/\n\t\t<\/style>\n\t\t<div id='gallery-5' class='gallery galleryid-15085 gallery-columns-3 gallery-size-thumbnail'><dl class='gallery-item'>\n\t\t\t<dt class='gallery-icon landscape'>\n\t\t\t\t<a href='http:\/\/www.mhm-muenster.de\/cms\/wp-content\/uploads\/2023\/11\/WhatsApp-Image-2023-11-24-at-08.16.59-3.jpeg' rel=\"lightbox[15085]\"><img width=\"150\" height=\"150\" src=\"http:\/\/www.mhm-muenster.de\/cms\/wp-content\/uploads\/2023\/11\/WhatsApp-Image-2023-11-24-at-08.16.59-3-150x150.jpeg\" class=\"attachment-thumbnail size-thumbnail\" alt=\"\" loading=\"lazy\" \/><\/a>\n\t\t\t<\/dt><\/dl><dl class='gallery-item'>\n\t\t\t<dt class='gallery-icon landscape'>\n\t\t\t\t<a href='http:\/\/www.mhm-muenster.de\/cms\/wp-content\/uploads\/2023\/11\/WhatsApp-Image-2023-11-24-at-08.16.59-4.jpeg' rel=\"lightbox[15085]\"><img width=\"150\" height=\"150\" src=\"http:\/\/www.mhm-muenster.de\/cms\/wp-content\/uploads\/2023\/11\/WhatsApp-Image-2023-11-24-at-08.16.59-4-150x150.jpeg\" class=\"attachment-thumbnail size-thumbnail\" alt=\"\" loading=\"lazy\" \/><\/a>\n\t\t\t<\/dt><\/dl><dl class='gallery-item'>\n\t\t\t<dt class='gallery-icon landscape'>\n\t\t\t\t<a href='http:\/\/www.mhm-muenster.de\/cms\/wp-content\/uploads\/2023\/11\/WhatsApp-Image-2023-11-24-at-08.16.59-5.jpeg' rel=\"lightbox[15085]\"><img width=\"150\" height=\"150\" src=\"http:\/\/www.mhm-muenster.de\/cms\/wp-content\/uploads\/2023\/11\/WhatsApp-Image-2023-11-24-at-08.16.59-5-150x150.jpeg\" class=\"attachment-thumbnail size-thumbnail\" alt=\"\" loading=\"lazy\" \/><\/a>\n\t\t\t<\/dt><\/dl><br style=\"clear: both\" \/><dl class='gallery-item'>\n\t\t\t<dt class='gallery-icon landscape'>\n\t\t\t\t<a href='http:\/\/www.mhm-muenster.de\/cms\/wp-content\/uploads\/2023\/11\/WhatsApp-Image-2023-11-24-at-08.16.59-6.jpeg' rel=\"lightbox[15085]\"><img width=\"150\" height=\"150\" src=\"http:\/\/www.mhm-muenster.de\/cms\/wp-content\/uploads\/2023\/11\/WhatsApp-Image-2023-11-24-at-08.16.59-6-150x150.jpeg\" class=\"attachment-thumbnail size-thumbnail\" alt=\"\" loading=\"lazy\" \/><\/a>\n\t\t\t<\/dt><\/dl><dl class='gallery-item'>\n\t\t\t<dt class='gallery-icon landscape'>\n\t\t\t\t<a href='http:\/\/www.mhm-muenster.de\/cms\/wp-content\/uploads\/2023\/11\/WhatsApp-Image-2023-11-24-at-08.16.59-7.jpeg' rel=\"lightbox[15085]\"><img width=\"150\" height=\"150\" src=\"http:\/\/www.mhm-muenster.de\/cms\/wp-content\/uploads\/2023\/11\/WhatsApp-Image-2023-11-24-at-08.16.59-7-150x150.jpeg\" class=\"attachment-thumbnail size-thumbnail\" alt=\"\" loading=\"lazy\" \/><\/a>\n\t\t\t<\/dt><\/dl><dl class='gallery-item'>\n\t\t\t<dt class='gallery-icon landscape'>\n\t\t\t\t<a href='http:\/\/www.mhm-muenster.de\/cms\/wp-content\/uploads\/2023\/11\/WhatsApp-Image-2023-11-24-at-08.16.59-8.jpeg' rel=\"lightbox[15085]\"><img width=\"150\" height=\"150\" src=\"http:\/\/www.mhm-muenster.de\/cms\/wp-content\/uploads\/2023\/11\/WhatsApp-Image-2023-11-24-at-08.16.59-8-150x150.jpeg\" class=\"attachment-thumbnail size-thumbnail\" alt=\"\" loading=\"lazy\" \/><\/a>\n\t\t\t<\/dt><\/dl><br style=\"clear: both\" \/><dl class='gallery-item'>\n\t\t\t<dt class='gallery-icon landscape'>\n\t\t\t\t<a href='http:\/\/www.mhm-muenster.de\/cms\/wp-content\/uploads\/2023\/11\/WhatsApp-Image-2023-11-24-at-08.16.59-9.jpeg' rel=\"lightbox[15085]\"><img width=\"150\" height=\"150\" src=\"http:\/\/www.mhm-muenster.de\/cms\/wp-content\/uploads\/2023\/11\/WhatsApp-Image-2023-11-24-at-08.16.59-9-150x150.jpeg\" class=\"attachment-thumbnail size-thumbnail\" alt=\"\" loading=\"lazy\" \/><\/a>\n\t\t\t<\/dt><\/dl><dl class='gallery-item'>\n\t\t\t<dt class='gallery-icon portrait'>\n\t\t\t\t<a href='http:\/\/www.mhm-muenster.de\/cms\/wp-content\/uploads\/2023\/11\/WhatsApp-Image-2023-11-24-at-08.16.59.jpeg' rel=\"lightbox[15085]\"><img width=\"150\" height=\"150\" src=\"http:\/\/www.mhm-muenster.de\/cms\/wp-content\/uploads\/2023\/11\/WhatsApp-Image-2023-11-24-at-08.16.59-150x150.jpeg\" class=\"attachment-thumbnail size-thumbnail\" alt=\"\" loading=\"lazy\" \/><\/a>\n\t\t\t<\/dt><\/dl><dl class='gallery-item'>\n\t\t\t<dt class='gallery-icon portrait'>\n\t\t\t\t<a href='http:\/\/www.mhm-muenster.de\/cms\/wp-content\/uploads\/2023\/11\/WhatsApp-Image-2023-11-24-at-08.16.59-1.jpeg' rel=\"lightbox[15085]\"><img width=\"150\" height=\"150\" src=\"http:\/\/www.mhm-muenster.de\/cms\/wp-content\/uploads\/2023\/11\/WhatsApp-Image-2023-11-24-at-08.16.59-1-150x150.jpeg\" class=\"attachment-thumbnail size-thumbnail\" alt=\"\" loading=\"lazy\" \/><\/a>\n\t\t\t<\/dt><\/dl><br style=\"clear: both\" \/><dl class='gallery-item'>\n\t\t\t<dt class='gallery-icon portrait'>\n\t\t\t\t<a href='http:\/\/www.mhm-muenster.de\/cms\/wp-content\/uploads\/2023\/11\/WhatsApp-Image-2023-11-24-at-08.16.59-2.jpeg' rel=\"lightbox[15085]\"><img width=\"150\" height=\"150\" src=\"http:\/\/www.mhm-muenster.de\/cms\/wp-content\/uploads\/2023\/11\/WhatsApp-Image-2023-11-24-at-08.16.59-2-150x150.jpeg\" class=\"attachment-thumbnail size-thumbnail\" alt=\"\" loading=\"lazy\" \/><\/a>\n\t\t\t<\/dt><\/dl>\n\t\t\t<br style='clear: both' \/>\n\t\t<\/div>\n\n<h3>JHV M\u00e4rz 2023<\/h3>\n<h4>Besonderen Dank<\/h4>\n<p><a href=\"http:\/\/www.mhm-muenster.de\/cms\/wp-content\/uploads\/2023\/04\/IMG_4382-scaled-e1680471312453.jpg\" rel=\"lightbox[15085]\"><img loading=\"lazy\" class=\"alignnone size-thumbnail wp-image-18490\" src=\"http:\/\/www.mhm-muenster.de\/cms\/wp-content\/uploads\/2023\/04\/IMG_4382-150x150.jpg\" alt=\"\" width=\"150\" height=\"150\" \/><\/a><br \/>\nAn Nina &#8211; Leitung Gastrobereich, Caro &#8211; Leitung Basteln\/N\u00e4hen und Jahn &#8211; Platz- und Ger\u00e4tepflege<\/p>\n<p><a href=\"http:\/\/www.mhm-muenster.de\/cms\/wp-content\/uploads\/2023\/04\/IMG_4380-scaled-e1680471556650.jpg\" rel=\"lightbox[15085]\"><img loading=\"lazy\" class=\"alignnone size-medium wp-image-18491\" src=\"http:\/\/www.mhm-muenster.de\/cms\/wp-content\/uploads\/2023\/04\/IMG_4380-400x300.jpg\" alt=\"\" width=\"400\" height=\"300\" \/><\/a><br \/>\nAn unsere Welpenhelfer<\/p>\n<p><a href=\"http:\/\/www.mhm-muenster.de\/cms\/wp-content\/uploads\/2023\/04\/IMG_4385-e1680471662313.jpg\" rel=\"lightbox[15085]\"><img loading=\"lazy\" class=\"alignnone wp-image-18492 size-thumbnail\" src=\"http:\/\/www.mhm-muenster.de\/cms\/wp-content\/uploads\/2023\/04\/IMG_4385-150x150.jpg\" alt=\"\" width=\"150\" height=\"150\" \/><\/a><br \/>\nBirgit Kranz &#8211; Welpenhelfer<\/p>\n<p><a href=\"http:\/\/www.mhm-muenster.de\/cms\/wp-content\/uploads\/2023\/04\/IMG_4385-1-e1680471766702.jpg\" rel=\"lightbox[15085]\"><img loading=\"lazy\" class=\"alignnone wp-image-18493 size-thumbnail\" src=\"http:\/\/www.mhm-muenster.de\/cms\/wp-content\/uploads\/2023\/04\/IMG_4385-1-150x150.jpg\" alt=\"\" width=\"150\" height=\"150\" \/><\/a><br \/>\nPetra M\u00f6llerfeld -Welpenhelfer<\/p>\n<p><a href=\"http:\/\/www.mhm-muenster.de\/cms\/wp-content\/uploads\/2023\/04\/IMG_4384-scaled-e1680471830175.jpg\" rel=\"lightbox[15085]\"><img loading=\"lazy\" class=\"alignnone size-medium wp-image-18494\" src=\"http:\/\/www.mhm-muenster.de\/cms\/wp-content\/uploads\/2023\/04\/IMG_4384-400x300.jpg\" alt=\"\" width=\"400\" height=\"300\" \/><\/a><br \/>\nAllen Trainern &#8211; Basis, Agility, Rally Obedience, Hoopers<\/p>\n<p><a href=\"http:\/\/www.mhm-muenster.de\/cms\/wp-content\/uploads\/2023\/04\/IMG_4386-scaled-e1680472769854.jpg\" rel=\"lightbox[15085]\"><img loading=\"lazy\" class=\"alignnone size-thumbnail wp-image-18504\" src=\"http:\/\/www.mhm-muenster.de\/cms\/wp-content\/uploads\/2023\/04\/IMG_4386-150x150.jpg\" alt=\"\" width=\"150\" height=\"150\" \/><\/a><br \/>\nDanke f\u00fcr harmonische Vereinsarbeit<\/p>\n<h4>Ehrungen<\/h4>\n<p><a href=\"http:\/\/www.mhm-muenster.de\/cms\/wp-content\/uploads\/2023\/04\/IMG_4376-scaled-e1680471902692.jpg\" rel=\"lightbox[15085]\"><img loading=\"lazy\" class=\"alignnone wp-image-18495 size-medium\" src=\"http:\/\/www.mhm-muenster.de\/cms\/wp-content\/uploads\/2023\/04\/IMG_4376-400x300.jpg\" alt=\"\" width=\"400\" height=\"300\" \/><\/a><br \/>\nVerein des Jahres der Kreisgruppe Hamm Rally Obedience 2022<br \/>\nMensch &amp; Hund im M\u00fcnsterland.<\/p>\n<p>Verein des Jahres der Kreisgruppe Hamm Agility 2022<br \/>\nMensch &amp; Hund im M\u00fcnsterland.<\/p>\n<p><a href=\"http:\/\/www.mhm-muenster.de\/cms\/wp-content\/uploads\/2023\/04\/IMG_4377-scaled.jpg\" rel=\"lightbox[15085]\"><img loading=\"lazy\" class=\"alignnone size-thumbnail wp-image-18497\" src=\"http:\/\/www.mhm-muenster.de\/cms\/wp-content\/uploads\/2023\/04\/IMG_4377-150x150.jpg\" alt=\"\" width=\"150\" height=\"150\" \/><\/a><br \/>\nSportlerin des Jahres der Kreisgruppe Hamm Bereich Leichtathletik mit Hund 2022:<br \/>\nRieke Br\u00fcckner<\/p>\n<p><a href=\"http:\/\/www.mhm-muenster.de\/cms\/wp-content\/uploads\/2023\/04\/IMG_4378-scaled-e1680472215983.jpg\" rel=\"lightbox[15085]\"><img loading=\"lazy\" class=\"alignnone size-thumbnail wp-image-18498\" src=\"http:\/\/www.mhm-muenster.de\/cms\/wp-content\/uploads\/2023\/04\/IMG_4378-150x150.jpg\" alt=\"\" width=\"150\" height=\"150\" \/><\/a><br \/>\nSportlerin des Jahres 2022 der KG Hamm Bereich Rally Obedience &#8211; Jugend:<br \/>\nFine Pelzer mit Lino<\/p>\n<p><a href=\"http:\/\/www.mhm-muenster.de\/cms\/wp-content\/uploads\/2023\/04\/PHOTO-2023-03-31-20-05-43-e1680472323419.jpg\" rel=\"lightbox[15085]\"><img loading=\"lazy\" class=\"alignnone size-thumbnail wp-image-18499\" src=\"http:\/\/www.mhm-muenster.de\/cms\/wp-content\/uploads\/2023\/04\/PHOTO-2023-03-31-20-05-43-150x150.jpg\" alt=\"\" width=\"150\" height=\"150\" \/><\/a><br \/>\nSportlerin des Jahres der Kreisgruppe Hamm Bereich Agility 2022:<br \/>\nBettina Engelhardt-Schmidt<\/p>\n<p><a href=\"http:\/\/www.mhm-muenster.de\/cms\/wp-content\/uploads\/2023\/04\/PHOTO-2023-03-31-20-05-43-2-e1681134945829.jpg\" rel=\"lightbox[15085]\"><img loading=\"lazy\" class=\"alignnone size-thumbnail wp-image-18515\" src=\"http:\/\/www.mhm-muenster.de\/cms\/wp-content\/uploads\/2023\/04\/PHOTO-2023-03-31-20-05-43-2-150x150.jpg\" alt=\"\" width=\"150\" height=\"150\" \/><\/a><br \/>\nHundef\u00fchrerin des Jahres der KG Hamm 2022: Bettina Engelhardt-Schmidt<\/p>\n<h3>MV November 2022<\/h3>\n<h4>Danke f\u00fcr besonderes Engagement<\/h4>\n\n\t\t<style type=\"text\/css\">\n\t\t\t#gallery-6 {\n\t\t\t\tmargin: auto;\n\t\t\t}\n\t\t\t#gallery-6 .gallery-item {\n\t\t\t\tfloat: left;\n\t\t\t\tmargin-top: 10px;\n\t\t\t\ttext-align: center;\n\t\t\t\twidth: 33%;\n\t\t\t}\n\t\t\t#gallery-6 img {\n\t\t\t\tborder: 2px solid #cfcfcf;\n\t\t\t}\n\t\t\t#gallery-6 .gallery-caption {\n\t\t\t\tmargin-left: 0;\n\t\t\t}\n\t\t\t\/* see gallery_shortcode() in wp-includes\/media.php *\/\n\t\t<\/style>\n\t\t<div id='gallery-6' class='gallery galleryid-15085 gallery-columns-3 gallery-size-thumbnail'><dl class='gallery-item'>\n\t\t\t<dt class='gallery-icon landscape'>\n\t\t\t\t<a href='http:\/\/www.mhm-muenster.de\/cms\/?attachment_id=18222'><img width=\"150\" height=\"150\" src=\"http:\/\/www.mhm-muenster.de\/cms\/wp-content\/uploads\/2022\/11\/IMG_2176-150x150.jpg\" class=\"attachment-thumbnail size-thumbnail\" alt=\"\" loading=\"lazy\" \/><\/a>\n\t\t\t<\/dt><\/dl><dl class='gallery-item'>\n\t\t\t<dt class='gallery-icon portrait'>\n\t\t\t\t<a href='http:\/\/www.mhm-muenster.de\/cms\/?attachment_id=18221'><img width=\"150\" height=\"150\" src=\"http:\/\/www.mhm-muenster.de\/cms\/wp-content\/uploads\/2022\/11\/IMG_2174-150x150.jpg\" class=\"attachment-thumbnail size-thumbnail\" alt=\"\" loading=\"lazy\" \/><\/a>\n\t\t\t<\/dt><\/dl><dl class='gallery-item'>\n\t\t\t<dt class='gallery-icon landscape'>\n\t\t\t\t<a href='http:\/\/www.mhm-muenster.de\/cms\/?attachment_id=18223'><img width=\"150\" height=\"150\" src=\"http:\/\/www.mhm-muenster.de\/cms\/wp-content\/uploads\/2022\/11\/IMG_2177-150x150.jpg\" class=\"attachment-thumbnail size-thumbnail\" alt=\"\" loading=\"lazy\" \/><\/a>\n\t\t\t<\/dt><\/dl><br style=\"clear: both\" \/>\n\t\t<\/div>\n\n<p>Was w\u00e4ren wir ohne Nina, Jahn und Caro \u2753\u2757\ufe0f<\/p>\n<h3>JHV 2022<\/h3>\n<p><a href=\"http:\/\/www.mhm-muenster.de\/cms\/wp-content\/uploads\/2022\/04\/IMG_8841-scaled-e1650300455730.jpg\" rel=\"lightbox[15085]\"><img loading=\"lazy\" class=\"alignnone size-medium wp-image-17710\" src=\"http:\/\/www.mhm-muenster.de\/cms\/wp-content\/uploads\/2022\/04\/IMG_8841-300x400.jpg\" alt=\"\" width=\"300\" height=\"400\" \/><\/a><br \/>\nVielen Dank Melanie f\u00fcr deine Arbeit als Jugend-Obfrau in den letzten beiden Jahren<\/p>\n<h3>Danksagungen auf der MV 2021<\/h3>\n<p>Da wir die JHV 2021 schriftlich durchgef\u00fchrt haben, konnten wir uns nicht pers\u00f6nlich bedanken. Dies haben wir nun auf unserer MV im November 2021 getan:<\/p>\n<p><strong>Hits4Kids 2020:<\/strong><\/p>\n<p><span style=\"text-decoration: underline;\">Trainer:<\/span><\/p>\n<p>Bettina, Rieke B, Anne Sch., Renata, Ute B., Michael, Klara E., Mona, Cori<\/p>\n<p><span style=\"text-decoration: underline;\">Helfer:<\/span> Tomke, Melanie, Nicola, Annelene, Rieke S, Julia Kipp, Paula, Lena K., Petra M.<br \/>\n<a href=\"http:\/\/www.mhm-muenster.de\/cms\/wp-content\/uploads\/2021\/12\/IMG_7136-scaled-e1639603441603.jpg\" rel=\"lightbox[15085]\"><img loading=\"lazy\" class=\"alignnone wp-image-17557\" src=\"http:\/\/www.mhm-muenster.de\/cms\/wp-content\/uploads\/2021\/12\/IMG_7136-400x179.jpg\" alt=\"\" width=\"335\" height=\"150\" \/><\/a><\/p>\n<p><span style=\"text-decoration: underline;\">Gastro:<\/span> Ilvija, Inge<\/p>\n<p><strong>5-Jahre Verdienstnadel<\/strong> f\u00fcr Caro Gra\u00df (gro\u00dfes Vereinsengagement, u. a. Welpenhelfer, Turnierhelfer, Basteln\/Preise f\u00fcr Starter erstellen)<br \/>\n<a href=\"http:\/\/www.mhm-muenster.de\/cms\/wp-content\/uploads\/2021\/12\/IMG_7135-scaled.jpg\" rel=\"lightbox[15085]\"><img loading=\"lazy\" class=\"alignnone size-thumbnail wp-image-17555\" src=\"http:\/\/www.mhm-muenster.de\/cms\/wp-content\/uploads\/2021\/12\/IMG_7135-150x150.jpg\" alt=\"\" width=\"150\" height=\"150\" \/><\/a><\/p>\n<p><strong>5-Jahre Verdienstnadel<\/strong> f\u00fcr Dennis Hermann (Vorbild als Jugendlicher im Sport mit Hund, Trainer im MHM: Basis, Welpen\/Junghunde\/Grunderziehung, Turnierhelfer)<br \/>\n<a href=\"http:\/\/www.mhm-muenster.de\/cms\/wp-content\/uploads\/2021\/12\/IMG_7131-scaled-e1639603532972.jpg\" rel=\"lightbox[15085]\"><img loading=\"lazy\" class=\"alignnone size-thumbnail wp-image-17550\" src=\"http:\/\/www.mhm-muenster.de\/cms\/wp-content\/uploads\/2021\/12\/IMG_7131-150x150.jpg\" alt=\"\" width=\"150\" height=\"150\" \/><\/a><\/p>\n<p><strong>5-Jahre Verdienstnade<\/strong>l f\u00fcr Luzie Zimmerling (Vorbild als Jugendliche im Sport mit Hund, Turnierhelfer)<\/p>\n<p><strong>5-Jahre Verdienstnadel<\/strong> f\u00fcr Erika Theves (Unterst\u00fctzung mit Gastroequipment, Beherbergung Richter)<\/p>\n<p><strong>DANKE<\/strong> an <strong>LOUISE MARGUC <\/strong>f\u00fcr ihre T\u00e4tigkeit als 2. Vorsitzende bis 2021<\/p>\n<p><strong><a href=\"http:\/\/www.mhm-muenster.de\/cms\/wp-content\/uploads\/2022\/01\/PHOTO-2021-12-16-11-53-21.jpg\" rel=\"lightbox[15085]\"><img loading=\"lazy\" class=\"alignnone wp-image-17604 size-thumbnail\" src=\"http:\/\/www.mhm-muenster.de\/cms\/wp-content\/uploads\/2022\/01\/PHOTO-2021-12-16-11-53-21-150x150.jpg\" alt=\"\" width=\"150\" height=\"150\" \/><\/a><br \/>\nDANKE<\/strong> an <strong>THOMAS THISSEN<\/strong> f\u00fcr seine T\u00e4tigkeit als Gesch\u00e4ftsf\u00fchrer bis 2021<\/p>\n<p><strong>Danksagung an alle Trainer<\/strong>, die in der schwierigen Coronazeit Anfang des Jahres und auch danach in 2021 immer f\u00fcr unsere Mitglieder da waren.<br \/>\n<a href=\"http:\/\/www.mhm-muenster.de\/cms\/wp-content\/uploads\/2021\/12\/IMG_7139-scaled-e1639603514835.jpg\" rel=\"lightbox[15085]\"><img loading=\"lazy\" class=\"alignnone size-thumbnail wp-image-17552\" src=\"http:\/\/www.mhm-muenster.de\/cms\/wp-content\/uploads\/2021\/12\/IMG_7139-150x150.jpg\" alt=\"\" width=\"150\" height=\"150\" \/><\/a> (weitere Fotos folgen)<\/p>\n<p><strong>Danksagung an alle Helfer<\/strong> bei der Unterst\u00fctzung der Unterrichte im Bereich Welpen- und Junghunde.<br \/>\n<a href=\"http:\/\/www.mhm-muenster.de\/cms\/wp-content\/uploads\/2021\/12\/IMG_7138-scaled-e1639603482151.jpg\" rel=\"lightbox[15085]\"><img loading=\"lazy\" class=\"alignnone wp-image-17554\" src=\"http:\/\/www.mhm-muenster.de\/cms\/wp-content\/uploads\/2021\/12\/IMG_7138-400x300.jpg\" alt=\"\" width=\"200\" height=\"150\" \/><\/a><\/p>\n<p><strong>Besonderer DANK geht an Mitglieder<\/strong>, die sich im letzten Jahr sehr engagiert haben: Sonja Robering, Ilvija Grothe, Inge Mittel &#8211; Wichtrup, Nina K\u00f6ckemann &#8211; Rutsch, Jahn Rentmeister<br \/>\n<a href=\"http:\/\/www.mhm-muenster.de\/cms\/wp-content\/uploads\/2021\/12\/IMG_7141-scaled-e1639603503510.jpg\" rel=\"lightbox[15085]\"><img loading=\"lazy\" class=\"alignnone size-thumbnail wp-image-17553\" src=\"http:\/\/www.mhm-muenster.de\/cms\/wp-content\/uploads\/2021\/12\/IMG_7141-150x150.jpg\" alt=\"\" width=\"150\" height=\"150\" \/><\/a> (weitere Fotos folgen)<\/p>\n<p><strong>Im MHM K\u00f6nnen alle mega stolz sein, wie es l\u00e4uft,&#8230; wir stehen f\u00fcreinander ein, unterst\u00fctzen uns und meistern so alle Schwierigkeiten &#8211; im EHRENAMT!<\/strong><\/p>\n<h1>Danksagungen JHV 2020<\/h1>\n<p><a href=\"http:\/\/www.mhm-muenster.de\/cms\/wp-content\/uploads\/2018\/12\/510fe8b9-e2ec-45d8-a784-c05d1eb01d07.jpg\" rel=\"lightbox[15085]\"><img loading=\"lazy\" class=\"alignnone size-thumbnail wp-image-15913\" src=\"http:\/\/www.mhm-muenster.de\/cms\/wp-content\/uploads\/2018\/12\/510fe8b9-e2ec-45d8-a784-c05d1eb01d07-150x150.jpg\" alt=\"\" width=\"150\" height=\"150\" \/><\/a><\/p>\n<p>Danke an Bettina f\u00fcr den tollen Einsatz bei Hits4kids und die gelungene Organisation<\/p>\n<p><a href=\"http:\/\/www.mhm-muenster.de\/cms\/wp-content\/uploads\/2018\/12\/IMG_4614-e1599810123278.jpg\" rel=\"lightbox[15085]\"><img loading=\"lazy\" class=\"alignnone size-thumbnail wp-image-15909\" src=\"http:\/\/www.mhm-muenster.de\/cms\/wp-content\/uploads\/2018\/12\/IMG_4614-150x150.jpg\" alt=\"\" width=\"150\" height=\"150\" \/><\/a><\/p>\n<p>Danke an Ilvija f\u00fcr Ihre vielf\u00e4ltigen Leistungen im Verein<\/p>\n<p><a href=\"http:\/\/www.mhm-muenster.de\/cms\/wp-content\/uploads\/2018\/12\/IMG_4605-e1599809559617.jpg\" rel=\"lightbox[15085]\"><img loading=\"lazy\" class=\"alignnone size-thumbnail wp-image-15905\" src=\"http:\/\/www.mhm-muenster.de\/cms\/wp-content\/uploads\/2018\/12\/IMG_4605-150x150.jpg\" alt=\"\" width=\"150\" height=\"150\" \/><\/a><\/p>\n<p>5-Jahre Verdienstnadel f\u00fcr\u00a0Anne Sch\u00f6ne<\/p>\n<p><a href=\"http:\/\/www.mhm-muenster.de\/cms\/wp-content\/uploads\/2018\/12\/IMG_4603-e1599809361950.jpg\" rel=\"lightbox[15085]\"><img loading=\"lazy\" class=\"alignnone size-thumbnail wp-image-15903\" src=\"http:\/\/www.mhm-muenster.de\/cms\/wp-content\/uploads\/2018\/12\/IMG_4603-150x150.jpg\" alt=\"\" width=\"150\" height=\"150\" \/><\/a><\/p>\n<p>5 Jahre Verdienstnadel f\u00fcr Birgit &amp; Lea Kranz<\/p>\n<p><a href=\"http:\/\/www.mhm-muenster.de\/cms\/wp-content\/uploads\/2018\/12\/IMG_4600-e1599809265530.jpg\" rel=\"lightbox[15085]\"><img loading=\"lazy\" class=\"alignnone size-thumbnail wp-image-15901\" src=\"http:\/\/www.mhm-muenster.de\/cms\/wp-content\/uploads\/2018\/12\/IMG_4600-150x150.jpg\" alt=\"\" width=\"150\" height=\"150\" \/><\/a><\/p>\n<p>5-Jahre Verdienstnadel f\u00fcr Rieke Salomon<\/p>\n","protected":false},"excerpt":{"rendered":"<p>MV November 2025 Danke an all unsere flei\u00dfigen Helfer: Verdienstnadel vom DVG f\u00fcr 5 Jahre besondere Verdienste f\u00fcr den Verein: JHV M\u00e4rz 2025 Ehrungen Anja Maibaum mit Bolle: Hundef\u00fchrerin des Jahres 2024 Kreisgruppe Hamm, Agility Mila Kl\u00f6ckemann mit Marley: Hundef\u00fchrerin des Jahres KGHamm 2024, Jugend Agility Gro\u00dfer Pokal: Verein des Jahres 2024 und Wanderpokal\u00fcbergabe (nach [&hellip;]<\/p>\n","protected":false},"author":11,"featured_media":0,"parent":0,"menu_order":0,"comment_status":"closed","ping_status":"closed","template":"","meta":[],"_links":{"self":[{"href":"http:\/\/www.mhm-muenster.de\/cms\/index.php?rest_route=\/wp\/v2\/pages\/15085"}],"collection":[{"href":"http:\/\/www.mhm-muenster.de\/cms\/index.php?rest_route=\/wp\/v2\/pages"}],"about":[{"href":"http:\/\/www.mhm-muenster.de\/cms\/index.php?rest_route=\/wp\/v2\/types\/page"}],"author":[{"embeddable":true,"href":"http:\/\/www.mhm-muenster.de\/cms\/index.php?rest_route=\/wp\/v2\/users\/11"}],"replies":[{"embeddable":true,"href":"http:\/\/www.mhm-muenster.de\/cms\/index.php?rest_route=%2Fwp%2Fv2%2Fcomments&post=15085"}],"version-history":[{"count":40,"href":"http:\/\/www.mhm-muenster.de\/cms\/index.php?rest_route=\/wp\/v2\/pages\/15085\/revisions"}],"predecessor-version":[{"id":20098,"href":"http:\/\/www.mhm-muenster.de\/cms\/index.php?rest_route=\/wp\/v2\/pages\/15085\/revisions\/20098"}],"wp:attachment":[{"href":"http:\/\/www.mhm-muenster.de\/cms\/index.php?rest_route=%2Fwp%2Fv2%2Fmedia&parent=15085"}],"curies":[{"name":"wp","href":"https:\/\/api.w.org\/{rel}","templated":true}]}}