{"id":77,"date":"2007-12-20T22:55:44","date_gmt":"2007-12-20T21:55:44","guid":{"rendered":"http:\/\/mhm-muenster.de\/cms\/?page_id=77"},"modified":"2026-01-14T20:27:48","modified_gmt":"2026-01-14T19:27:48","slug":"startseite","status":"publish","type":"page","link":"http:\/\/www.mhm-muenster.de\/cms\/","title":{"rendered":"Neuigkeiten"},"content":{"rendered":"<p style=\"text-align: left;\">AB<strong> MONTAG, 20.09.2021 <\/strong>befindet sich unser <strong>VEREIN <\/strong>im <strong>AUFNAHMESTOPP.<br \/><\/strong><span style=\"color: #0000ff;\"><strong>Vereinzelt werden nun wieder neue Teams aufgenommen, maximal 5 pro Quartal<\/strong><\/span><\/p>\n<p style=\"text-align: left;\"><span style=\"color: #0000ff;\">Das betrifft<strong> NICHT <\/strong>die F\u00f6rdermitglieder, die an Welpen- und Junghundestunden teilnehmen bzw. den Erziehungsblock mitmachen m\u00f6chten. Diese sind vom Aufnahmestopp nicht betroffen.<br \/><\/span><\/p>\n<p style=\"text-align: left;\"><span style=\"color: #0000ff;\">Nur weitere Probemitglieder\/Mitglieder k\u00f6nnen wir in dieser Zeit bedingt aufnehmen. Angefangene Probezeiten d\u00fcrfen nat\u00fcrlich vern\u00fcnftig beendet werden und dann erfolgen ggf. auch Aufnahmen in die Mitgliedschaft.\u00a0<\/span><\/p>\n\n\n\n<hr \/>\n<h1>Unsere Turniere 2026<\/h1>\n\n\t\t<style type=\"text\/css\">\n\t\t\t#gallery-1 {\n\t\t\t\tmargin: auto;\n\t\t\t}\n\t\t\t#gallery-1 .gallery-item {\n\t\t\t\tfloat: left;\n\t\t\t\tmargin-top: 10px;\n\t\t\t\ttext-align: center;\n\t\t\t\twidth: 33%;\n\t\t\t}\n\t\t\t#gallery-1 img {\n\t\t\t\tborder: 2px solid #cfcfcf;\n\t\t\t}\n\t\t\t#gallery-1 .gallery-caption {\n\t\t\t\tmargin-left: 0;\n\t\t\t}\n\t\t\t\/* see gallery_shortcode() in wp-includes\/media.php *\/\n\t\t<\/style>\n\t\t<div id='gallery-1' class='gallery galleryid-77 gallery-columns-3 gallery-size-thumbnail'><dl class='gallery-item'>\n\t\t\t<dt class='gallery-icon portrait'>\n\t\t\t\t<a href='http:\/\/www.mhm-muenster.de\/cms\/wp-content\/uploads\/2026\/01\/WhatsApp-Image-2025-12-30-at-17.52.20-1.jpeg' rel=\"lightbox[77]\"><img width=\"150\" height=\"150\" src=\"http:\/\/www.mhm-muenster.de\/cms\/wp-content\/uploads\/2026\/01\/WhatsApp-Image-2025-12-30-at-17.52.20-1-150x150.jpeg\" class=\"attachment-thumbnail size-thumbnail\" alt=\"\" loading=\"lazy\" \/><\/a>\n\t\t\t<\/dt><\/dl><dl class='gallery-item'>\n\t\t\t<dt class='gallery-icon portrait'>\n\t\t\t\t<a href='http:\/\/www.mhm-muenster.de\/cms\/wp-content\/uploads\/2026\/01\/WhatsApp-Image-2025-12-30-at-17.52.38-1.jpeg' rel=\"lightbox[77]\"><img width=\"150\" height=\"150\" src=\"http:\/\/www.mhm-muenster.de\/cms\/wp-content\/uploads\/2026\/01\/WhatsApp-Image-2025-12-30-at-17.52.38-1-150x150.jpeg\" class=\"attachment-thumbnail size-thumbnail\" alt=\"\" loading=\"lazy\" \/><\/a>\n\t\t\t<\/dt><\/dl><dl class='gallery-item'>\n\t\t\t<dt class='gallery-icon portrait'>\n\t\t\t\t<a href='http:\/\/www.mhm-muenster.de\/cms\/wp-content\/uploads\/2026\/01\/WhatsApp-Image-2025-12-30-at-17.52.51-1.jpeg' rel=\"lightbox[77]\"><img width=\"150\" height=\"150\" src=\"http:\/\/www.mhm-muenster.de\/cms\/wp-content\/uploads\/2026\/01\/WhatsApp-Image-2025-12-30-at-17.52.51-1-150x150.jpeg\" class=\"attachment-thumbnail size-thumbnail\" alt=\"\" loading=\"lazy\" \/><\/a>\n\t\t\t<\/dt><\/dl><br style=\"clear: both\" \/>\n\t\t<\/div>\n\n<hr \/>\n<h3>Hier der Link zu unserer Verbandsseite: <a href=\"https:\/\/dvg-hundesport.de\/home\/ueber-uns\/hunde-sport.166.de.html\">DVG<\/a><\/h3>\n<hr \/>\n<h3><b>Begleithundepr\u00fcfung vom 02.11.2025 beim MHM<\/b><\/h3>\n<p><strong>Die folgenden Teams haben die Pr\u00fcfung bestanden:<\/strong><\/p>\n\n\t\t<style type=\"text\/css\">\n\t\t\t#gallery-2 {\n\t\t\t\tmargin: auto;\n\t\t\t}\n\t\t\t#gallery-2 .gallery-item {\n\t\t\t\tfloat: left;\n\t\t\t\tmargin-top: 10px;\n\t\t\t\ttext-align: center;\n\t\t\t\twidth: 33%;\n\t\t\t}\n\t\t\t#gallery-2 img {\n\t\t\t\tborder: 2px solid #cfcfcf;\n\t\t\t}\n\t\t\t#gallery-2 .gallery-caption {\n\t\t\t\tmargin-left: 0;\n\t\t\t}\n\t\t\t\/* see gallery_shortcode() in wp-includes\/media.php *\/\n\t\t<\/style>\n\t\t<div id='gallery-2' class='gallery galleryid-77 gallery-columns-3 gallery-size-thumbnail'><dl class='gallery-item'>\n\t\t\t<dt class='gallery-icon portrait'>\n\t\t\t\t<a href='http:\/\/www.mhm-muenster.de\/cms\/wp-content\/uploads\/2025\/11\/WhatsApp-Image-2025-11-02-at-18.50.34-scaled.jpeg' rel=\"lightbox[77]\"><img width=\"150\" height=\"150\" src=\"http:\/\/www.mhm-muenster.de\/cms\/wp-content\/uploads\/2025\/11\/WhatsApp-Image-2025-11-02-at-18.50.34-150x150.jpeg\" class=\"attachment-thumbnail size-thumbnail\" alt=\"\" loading=\"lazy\" aria-describedby=\"gallery-2-20043\" \/><\/a>\n\t\t\t<\/dt>\n\t\t\t\t<dd class='wp-caption-text gallery-caption' id='gallery-2-20043'>\n\t\t\t\tMelanie\/Nono und  Petra\/KnowMe\n\t\t\t\t<\/dd><\/dl><dl class='gallery-item'>\n\t\t\t<dt class='gallery-icon portrait'>\n\t\t\t\t<a href='http:\/\/www.mhm-muenster.de\/cms\/wp-content\/uploads\/2025\/11\/WhatsApp-Image-2025-11-02-at-18.51.02-scaled.jpeg' rel=\"lightbox[77]\"><img width=\"150\" height=\"150\" src=\"http:\/\/www.mhm-muenster.de\/cms\/wp-content\/uploads\/2025\/11\/WhatsApp-Image-2025-11-02-at-18.51.02-150x150.jpeg\" class=\"attachment-thumbnail size-thumbnail\" alt=\"\" loading=\"lazy\" aria-describedby=\"gallery-2-20044\" \/><\/a>\n\t\t\t<\/dt>\n\t\t\t\t<dd class='wp-caption-text gallery-caption' id='gallery-2-20044'>\n\t\t\t\tLena\/Henri und Svenja\/Mio\n\t\t\t\t<\/dd><\/dl><dl class='gallery-item'>\n\t\t\t<dt class='gallery-icon portrait'>\n\t\t\t\t<a href='http:\/\/www.mhm-muenster.de\/cms\/wp-content\/uploads\/2025\/11\/WhatsApp-Image-2025-11-02-at-18.53.08.jpeg' rel=\"lightbox[77]\"><img width=\"150\" height=\"150\" src=\"http:\/\/www.mhm-muenster.de\/cms\/wp-content\/uploads\/2025\/11\/WhatsApp-Image-2025-11-02-at-18.53.08-150x150.jpeg\" class=\"attachment-thumbnail size-thumbnail\" alt=\"\" loading=\"lazy\" aria-describedby=\"gallery-2-20045\" \/><\/a>\n\t\t\t<\/dt>\n\t\t\t\t<dd class='wp-caption-text gallery-caption' id='gallery-2-20045'>\n\t\t\t\tBettina\/Duffy (WH) und Inka\/Nibs\n\t\t\t\t<\/dd><\/dl><br style=\"clear: both\" \/>\n\t\t<\/div>\n\n<hr \/>\n<h3><b>Begleithundepr\u00fcfung vom 11. und 12.07.2025 beim MHM<\/b><\/h3>\n<p><strong>Die folgenden Teams haben die Pr\u00fcfung bestanden:<\/strong><\/p>\n\n\t\t<style type=\"text\/css\">\n\t\t\t#gallery-3 {\n\t\t\t\tmargin: auto;\n\t\t\t}\n\t\t\t#gallery-3 .gallery-item {\n\t\t\t\tfloat: left;\n\t\t\t\tmargin-top: 10px;\n\t\t\t\ttext-align: center;\n\t\t\t\twidth: 33%;\n\t\t\t}\n\t\t\t#gallery-3 img {\n\t\t\t\tborder: 2px solid #cfcfcf;\n\t\t\t}\n\t\t\t#gallery-3 .gallery-caption {\n\t\t\t\tmargin-left: 0;\n\t\t\t}\n\t\t\t\/* see gallery_shortcode() in wp-includes\/media.php *\/\n\t\t<\/style>\n\t\t<div id='gallery-3' class='gallery galleryid-77 gallery-columns-3 gallery-size-thumbnail'><dl class='gallery-item'>\n\t\t\t<dt class='gallery-icon portrait'>\n\t\t\t\t<a href='http:\/\/www.mhm-muenster.de\/cms\/wp-content\/uploads\/2025\/08\/Iva-und-Emmi-scaled.jpg' rel=\"lightbox[77]\"><img width=\"150\" height=\"150\" src=\"http:\/\/www.mhm-muenster.de\/cms\/wp-content\/uploads\/2025\/08\/Iva-und-Emmi-150x150.jpg\" class=\"attachment-thumbnail size-thumbnail\" alt=\"\" loading=\"lazy\" aria-describedby=\"gallery-3-19912\" \/><\/a>\n\t\t\t<\/dt>\n\t\t\t\t<dd class='wp-caption-text gallery-caption' id='gallery-3-19912'>\n\t\t\t\tSabine\/Emmi &#038; Nina\/Iva\n\t\t\t\t<\/dd><\/dl><dl class='gallery-item'>\n\t\t\t<dt class='gallery-icon portrait'>\n\t\t\t\t<a href='http:\/\/www.mhm-muenster.de\/cms\/wp-content\/uploads\/2025\/08\/Izzy-und-Herbert-scaled.jpg' rel=\"lightbox[77]\"><img width=\"150\" height=\"150\" src=\"http:\/\/www.mhm-muenster.de\/cms\/wp-content\/uploads\/2025\/08\/Izzy-und-Herbert-150x150.jpg\" class=\"attachment-thumbnail size-thumbnail\" alt=\"\" loading=\"lazy\" aria-describedby=\"gallery-3-19914\" \/><\/a>\n\t\t\t<\/dt>\n\t\t\t\t<dd class='wp-caption-text gallery-caption' id='gallery-3-19914'>\n\t\t\t\tJule\/Izzy &#038; Klara\/Herbert\n\t\t\t\t<\/dd><\/dl><dl class='gallery-item'>\n\t\t\t<dt class='gallery-icon portrait'>\n\t\t\t\t<a href='http:\/\/www.mhm-muenster.de\/cms\/wp-content\/uploads\/2025\/08\/Floh-uund-Pepper-scaled.jpg' rel=\"lightbox[77]\"><img width=\"150\" height=\"150\" src=\"http:\/\/www.mhm-muenster.de\/cms\/wp-content\/uploads\/2025\/08\/Floh-uund-Pepper-150x150.jpg\" class=\"attachment-thumbnail size-thumbnail\" alt=\"\" loading=\"lazy\" aria-describedby=\"gallery-3-19907\" \/><\/a>\n\t\t\t<\/dt>\n\t\t\t\t<dd class='wp-caption-text gallery-caption' id='gallery-3-19907'>\n\t\t\t\tDarja\/Floh &#038; Christian\/Pepper\n\t\t\t\t<\/dd><\/dl><br style=\"clear: both\" \/><dl class='gallery-item'>\n\t\t\t<dt class='gallery-icon portrait'>\n\t\t\t\t<a href='http:\/\/www.mhm-muenster.de\/cms\/wp-content\/uploads\/2025\/08\/Josse-und-Loki-scaled.jpg' rel=\"lightbox[77]\"><img width=\"150\" height=\"150\" src=\"http:\/\/www.mhm-muenster.de\/cms\/wp-content\/uploads\/2025\/08\/Josse-und-Loki-150x150.jpg\" class=\"attachment-thumbnail size-thumbnail\" alt=\"\" loading=\"lazy\" aria-describedby=\"gallery-3-19916\" \/><\/a>\n\t\t\t<\/dt>\n\t\t\t\t<dd class='wp-caption-text gallery-caption' id='gallery-3-19916'>\n\t\t\t\tElke\/Josse &#038; Annika\/Loki\n\t\t\t\t<\/dd><\/dl><dl class='gallery-item'>\n\t\t\t<dt class='gallery-icon portrait'>\n\t\t\t\t<a href='http:\/\/www.mhm-muenster.de\/cms\/wp-content\/uploads\/2025\/08\/Nala-und-Blue-scaled.jpg' rel=\"lightbox[77]\"><img width=\"150\" height=\"150\" src=\"http:\/\/www.mhm-muenster.de\/cms\/wp-content\/uploads\/2025\/08\/Nala-und-Blue-150x150.jpg\" class=\"attachment-thumbnail size-thumbnail\" alt=\"\" loading=\"lazy\" aria-describedby=\"gallery-3-19921\" \/><\/a>\n\t\t\t<\/dt>\n\t\t\t\t<dd class='wp-caption-text gallery-caption' id='gallery-3-19921'>\n\t\t\t\tMaxima\/Nala &#038; Katharina\/Blue\n\t\t\t\t<\/dd><\/dl><dl class='gallery-item'>\n\t\t\t<dt class='gallery-icon portrait'>\n\t\t\t\t<a href='http:\/\/www.mhm-muenster.de\/cms\/wp-content\/uploads\/2025\/08\/Sunny-und-Mathilda-scaled.jpg' rel=\"lightbox[77]\"><img width=\"150\" height=\"150\" src=\"http:\/\/www.mhm-muenster.de\/cms\/wp-content\/uploads\/2025\/08\/Sunny-und-Mathilda-150x150.jpg\" class=\"attachment-thumbnail size-thumbnail\" alt=\"\" loading=\"lazy\" aria-describedby=\"gallery-3-19925\" \/><\/a>\n\t\t\t<\/dt>\n\t\t\t\t<dd class='wp-caption-text gallery-caption' id='gallery-3-19925'>\n\t\t\t\tBrinja\/Sunny &#038; Melanie\/Mathilda\n\t\t\t\t<\/dd><\/dl><br style=\"clear: both\" \/><dl class='gallery-item'>\n\t\t\t<dt class='gallery-icon portrait'>\n\t\t\t\t<a href='http:\/\/www.mhm-muenster.de\/cms\/wp-content\/uploads\/2025\/08\/Theo-und-Fine-scaled.jpg' rel=\"lightbox[77]\"><img width=\"150\" height=\"150\" src=\"http:\/\/www.mhm-muenster.de\/cms\/wp-content\/uploads\/2025\/08\/Theo-und-Fine-150x150.jpg\" class=\"attachment-thumbnail size-thumbnail\" alt=\"\" loading=\"lazy\" aria-describedby=\"gallery-3-19927\" \/><\/a>\n\t\t\t<\/dt>\n\t\t\t\t<dd class='wp-caption-text gallery-caption' id='gallery-3-19927'>\n\t\t\t\tLinn\/Fine &#038; Janina\/Theo\n\t\t\t\t<\/dd><\/dl><dl class='gallery-item'>\n\t\t\t<dt class='gallery-icon portrait'>\n\t\t\t\t<a href='http:\/\/www.mhm-muenster.de\/cms\/wp-content\/uploads\/2025\/08\/Henri-und-Carlo-scaled.jpg' rel=\"lightbox[77]\"><img width=\"150\" height=\"150\" src=\"http:\/\/www.mhm-muenster.de\/cms\/wp-content\/uploads\/2025\/08\/Henri-und-Carlo-150x150.jpg\" class=\"attachment-thumbnail size-thumbnail\" alt=\"\" loading=\"lazy\" aria-describedby=\"gallery-3-19909\" \/><\/a>\n\t\t\t<\/dt>\n\t\t\t\t<dd class='wp-caption-text gallery-caption' id='gallery-3-19909'>\n\t\t\t\tSimone\/Henri &#038; Steffi\/Carlo\n\t\t\t\t<\/dd><\/dl>\n\t\t\t<br style='clear: both' \/>\n\t\t<\/div>\n","protected":false},"excerpt":{"rendered":"<p>AB MONTAG, 20.09.2021 befindet sich unser VEREIN im AUFNAHMESTOPP.Vereinzelt werden nun wieder neue Teams aufgenommen, maximal 5 pro Quartal Das betrifft NICHT die F\u00f6rdermitglieder, die an Welpen- und Junghundestunden teilnehmen bzw. den Erziehungsblock mitmachen m\u00f6chten. Diese sind vom Aufnahmestopp nicht betroffen. Nur weitere Probemitglieder\/Mitglieder k\u00f6nnen wir in dieser Zeit bedingt aufnehmen. Angefangene Probezeiten d\u00fcrfen nat\u00fcrlich [&hellip;]<\/p>\n","protected":false},"author":1,"featured_media":0,"parent":0,"menu_order":0,"comment_status":"closed","ping_status":"open","template":"mhm-startseite.php","meta":[],"_links":{"self":[{"href":"http:\/\/www.mhm-muenster.de\/cms\/index.php?rest_route=\/wp\/v2\/pages\/77"}],"collection":[{"href":"http:\/\/www.mhm-muenster.de\/cms\/index.php?rest_route=\/wp\/v2\/pages"}],"about":[{"href":"http:\/\/www.mhm-muenster.de\/cms\/index.php?rest_route=\/wp\/v2\/types\/page"}],"author":[{"embeddable":true,"href":"http:\/\/www.mhm-muenster.de\/cms\/index.php?rest_route=\/wp\/v2\/users\/1"}],"replies":[{"embeddable":true,"href":"http:\/\/www.mhm-muenster.de\/cms\/index.php?rest_route=%2Fwp%2Fv2%2Fcomments&post=77"}],"version-history":[{"count":1487,"href":"http:\/\/www.mhm-muenster.de\/cms\/index.php?rest_route=\/wp\/v2\/pages\/77\/revisions"}],"predecessor-version":[{"id":20115,"href":"http:\/\/www.mhm-muenster.de\/cms\/index.php?rest_route=\/wp\/v2\/pages\/77\/revisions\/20115"}],"wp:attachment":[{"href":"http:\/\/www.mhm-muenster.de\/cms\/index.php?rest_route=%2Fwp%2Fv2%2Fmedia&parent=77"}],"curies":[{"name":"wp","href":"https:\/\/api.w.org\/{rel}","templated":true}]}}